{"id":296,"date":"2015-03-28T20:35:47","date_gmt":"2015-03-28T20:35:47","guid":{"rendered":"http:\/\/www.sdcv.org\/?page_id=296"},"modified":"2015-03-28T21:31:29","modified_gmt":"2015-03-28T21:31:29","slug":"signature-de-la-convention-entre-rcf-et-radiodialogue","status":"publish","type":"page","link":"https:\/\/www.sdcv.org\/?page_id=296","title":{"rendered":"Signature de la convention entre RCF et Radiodialogue"},"content":{"rendered":"<div style=\"width: 550px\" class=\"wp-caption aligncenter\"><img loading=\"lazy\" decoding=\"async\" class=\"\" src=\"http:\/\/www.radiodialogue.fr\/local\/cache-vignettes\/L540xH360\/IMG_6129-vjpb901-d5870.jpg\" alt=\"Les repr\u00e9sentants des quatre \u00e9glises fondatrices de Radiodialogue, de RCF, et de Radiodialogue, devant la tombe de Saint Cassien \u00e0 l'abbaye de Saint-Victor\" width=\"540\" height=\"360\" \/><p class=\"wp-caption-text\">Les repr\u00e9sentants des quatre \u00e9glises fondatrices de Radiodialogue, de RCF, et de Radiodialogue, devant la tombe de Saint Cassien \u00e0 l&rsquo;abbaye de Saint-Victor &#8211; Photo de Robert Poulain &#8211;<\/p><\/div>\n<p>Le samedi 21 mars 2015 a \u00e9t\u00e9 sign\u00e9e une convention entre RCF (Radio Chr\u00e9tienne Francophone) et les repr\u00e9sentants des 4 \u00e9glises fondatrices de Radiodialogue : arm\u00e9nienne, catholique, orthodoxe, protestante, dont Monseigneur Pontier, archev\u00eaque de Marseille, pr\u00e9sident de la Conf\u00e9rence des Ev\u00eaques de France.<\/p>\n<p>Le<a title=\"Allocution de Monseigneur Pontier\" href=\"http:\/\/marseille.catholique.fr\/Radio-Dialogue-devient-Dialogue-RCF,3852\" target=\"_blank\"> site de l&rsquo;Eglise Catholique de Marseille<\/a> pr\u00e9sente l&rsquo;allocution de Monseigneur Pontier.<\/p>\n<p>Le site de Radiodialogue pr\u00e9sente le <a title=\"dossier de presse\" href=\"http:\/\/radiodialogue.fr\/IMG\/pdf\/Dossier-de-presse-signature-21_03_15.pdf\">dossier de presse<\/a> ainsi que <a title=\"Album photo de la signature\" href=\"http:\/\/www.radiodialogue.fr\/spip.php?article894\" target=\"_blank\">l&rsquo;album photo de cette signature<\/a> qui a eu lieu \u00e0 l&rsquo;Abbaye de Saint Victor.<\/p>\n","protected":false},"excerpt":{"rendered":"<p>Le samedi 21 mars 2015 a \u00e9t\u00e9 sign\u00e9e une convention entre RCF (Radio Chr\u00e9tienne Francophone) et les repr\u00e9sentants des 4 \u00e9glises fondatrices de Radiodialogue : arm\u00e9nienne, catholique, orthodoxe, protestante, dont Monseigneur Pontier, archev\u00eaque de Marseille, pr\u00e9sident de la Conf\u00e9rence des Ev\u00eaques de France. Le site de l&rsquo;Eglise Catholique de Marseille pr\u00e9sente l&rsquo;allocution de Monseigneur Pontier. [&hellip;]<\/p>\n","protected":false},"author":1,"featured_media":0,"parent":0,"menu_order":0,"comment_status":"open","ping_status":"open","template":"","meta":{"footnotes":""},"class_list":["post-296","page","type-page","status-publish","hentry"],"_links":{"self":[{"href":"https:\/\/www.sdcv.org\/index.php?rest_route=\/wp\/v2\/pages\/296","targetHints":{"allow":["GET"]}}],"collection":[{"href":"https:\/\/www.sdcv.org\/index.php?rest_route=\/wp\/v2\/pages"}],"about":[{"href":"https:\/\/www.sdcv.org\/index.php?rest_route=\/wp\/v2\/types\/page"}],"author":[{"embeddable":true,"href":"https:\/\/www.sdcv.org\/index.php?rest_route=\/wp\/v2\/users\/1"}],"replies":[{"embeddable":true,"href":"https:\/\/www.sdcv.org\/index.php?rest_route=%2Fwp%2Fv2%2Fcomments&post=296"}],"version-history":[{"count":8,"href":"https:\/\/www.sdcv.org\/index.php?rest_route=\/wp\/v2\/pages\/296\/revisions"}],"predecessor-version":[{"id":308,"href":"https:\/\/www.sdcv.org\/index.php?rest_route=\/wp\/v2\/pages\/296\/revisions\/308"}],"wp:attachment":[{"href":"https:\/\/www.sdcv.org\/index.php?rest_route=%2Fwp%2Fv2%2Fmedia&parent=296"}],"curies":[{"name":"wp","href":"https:\/\/api.w.org\/{rel}","templated":true}]}}