{"id":1525,"date":"2025-04-12T20:22:12","date_gmt":"2025-04-12T18:22:12","guid":{"rendered":"https:\/\/www.sdcv.org\/?page_id=1525"},"modified":"2025-04-13T00:42:01","modified_gmt":"2025-04-12T22:42:01","slug":"le-denier-de-leglise-2","status":"publish","type":"page","link":"https:\/\/www.sdcv.org\/?page_id=1525","title":{"rendered":"LE DENIER DE L&rsquo;EGLISE"},"content":{"rendered":"\n<h2 class=\"wp-block-heading\">LE DENIER DE L&rsquo;EGLISE<\/h2>\n\n\n\n<p class=\"has-black-color has-text-color has-link-color has-medium-font-size wp-elements-c004823d60d62d1e41dbce516d55505c\">\u00ab\u00a0L&rsquo;\u00c9glise de Marseille ne vit que des dons de ses fid\u00e8les. Ils sont essentiels pour que nous puissions assurer la vie mat\u00e9rielle des pr\u00eatres, des religieux et religieuses et des la\u00efcs qui sont au service de notre dioc\u00e8se, sans oublier nos pr\u00eatres \u00e2g\u00e9s. Par vos dons, vous nous aidez \u00e9galement \u00e0 prendre en charge la formation des s\u00e9minaristes, parmi lesquels se trouvent vos pr\u00eatres de demain.<\/p>\n\n\n\n<p class=\"has-text-align-center has-black-color has-text-color has-link-color has-medium-font-size wp-elements-a85cb44121510e9ddc2d693d0c2f3c18\">P\u00e8re Xavier Manzano, Vicaire g\u00e9n\u00e9ral du dioc\u00e8se de Marseille [&#8230;]<\/p>\n\n\n\n<p class=\"has-black-color has-text-color has-link-color wp-elements-9ac00cf961d1ea846fe5a532228b76c6\"><\/p>\n\n\n\n<p class=\"has-black-color has-text-color has-link-color has-medium-font-size wp-elements-e4fc8b9856dc9c3e9d35f69171f999c3\">C&rsquo;est un probl\u00e8me qui affecte aussi notre paroisse. Ce dimanche, le jour des Rameaux, nous distribuerons des enveloppes pour le denier de l&rsquo;\u00c9glise. Si vous ne voulez pas \u00eatre pr\u00e9lev\u00e9, vous pouvez faire un don ponctuel. Si vous \u00eates imposable, vous pourrez d\u00e9duire 66% de votre don de votre imp\u00f4t sur le revenu 2025.<\/p>\n\n\n\n<p><\/p>\n","protected":false},"excerpt":{"rendered":"<p>LE DENIER DE L&rsquo;EGLISE \u00ab\u00a0L&rsquo;\u00c9glise de Marseille ne vit que des dons de ses fid\u00e8les. Ils sont essentiels pour que nous puissions assurer la vie mat\u00e9rielle des pr\u00eatres, des religieux et religieuses et des la\u00efcs qui sont au service de notre dioc\u00e8se, sans oublier nos pr\u00eatres \u00e2g\u00e9s. Par vos dons, vous nous aidez \u00e9galement \u00e0 [&hellip;]<\/p>\n","protected":false},"author":3,"featured_media":0,"parent":0,"menu_order":0,"comment_status":"closed","ping_status":"closed","template":"","meta":{"footnotes":""},"class_list":["post-1525","page","type-page","status-publish","hentry"],"_links":{"self":[{"href":"https:\/\/www.sdcv.org\/index.php?rest_route=\/wp\/v2\/pages\/1525","targetHints":{"allow":["GET"]}}],"collection":[{"href":"https:\/\/www.sdcv.org\/index.php?rest_route=\/wp\/v2\/pages"}],"about":[{"href":"https:\/\/www.sdcv.org\/index.php?rest_route=\/wp\/v2\/types\/page"}],"author":[{"embeddable":true,"href":"https:\/\/www.sdcv.org\/index.php?rest_route=\/wp\/v2\/users\/3"}],"replies":[{"embeddable":true,"href":"https:\/\/www.sdcv.org\/index.php?rest_route=%2Fwp%2Fv2%2Fcomments&post=1525"}],"version-history":[{"count":6,"href":"https:\/\/www.sdcv.org\/index.php?rest_route=\/wp\/v2\/pages\/1525\/revisions"}],"predecessor-version":[{"id":1579,"href":"https:\/\/www.sdcv.org\/index.php?rest_route=\/wp\/v2\/pages\/1525\/revisions\/1579"}],"wp:attachment":[{"href":"https:\/\/www.sdcv.org\/index.php?rest_route=%2Fwp%2Fv2%2Fmedia&parent=1525"}],"curies":[{"name":"wp","href":"https:\/\/api.w.org\/{rel}","templated":true}]}}